{"id":898548,"date":"2026-09-01T15:05:45","date_gmt":"2026-09-01T13:05:45","guid":{"rendered":"https:\/\/lucacastelli.com\/prodotto\/veste-crazy-viper\/"},"modified":"2026-09-01T15:05:45","modified_gmt":"2026-09-01T13:05:45","slug":"veste-crazy-viper","status":"publish","type":"product","link":"https:\/\/lucacastelli.com\/fr\/produit\/veste-crazy-viper\/","title":{"rendered":"Veste CRAZY VIPER"},"content":{"rendered":"<div class=\"\" data-turn-id-container=\"3f3e7a91-3b51-4372-bd0c-9a02e82acde9\" data-is-intersecting=\"true\"><span style=\"color: #1b1919; font-size: 22px;\">Veste Viper \u2013 Chaleur, confort et polyvalence<\/span><\/div>\n<div class=\"\" data-turn-id-container=\"request-WEB:07c7e9cf-48f3-4a28-944e-9fd4e0812dc1-13\" data-is-intersecting=\"true\">\n<section class=\"text-token-text-primary w-full focus:outline-none has-data-writing-block:pointer-events-none [&amp;:has([data-writing-block])&gt;*]:pointer-events-auto R6Vx5W_threadScrollVars scroll-mb-[calc(var(--scroll-root-safe-area-inset-bottom,0px)+var(--thread-response-height))] scroll-mt-[calc(var(--header-height)+min(200px,max(70px,20svh)))]\" dir=\"auto\" data-turn-id=\"request-WEB:07c7e9cf-48f3-4a28-944e-9fd4e0812dc1-13\" data-turn-id-container=\"request-WEB:07c7e9cf-48f3-4a28-944e-9fd4e0812dc1-13\" data-testid=\"conversation-turn-28\" data-turn=\"assistant\">\n<div class=\"text-base my-auto mx-auto pb-8 [--thread-content-margin:var(--thread-content-margin-xs,calc(var(--spacing)*4))] @w-sm\/main:[--thread-content-margin:var(--thread-content-margin-sm,calc(var(--spacing)*6))] @w-lg\/main:[--thread-content-margin:var(--thread-content-margin-lg,calc(var(--spacing)*16))] px-(--thread-content-margin)\">\n<div class=\"[--thread-content-max-width:40rem] @w-lg\/main:[--thread-content-max-width:48rem] mx-auto max-w-(--thread-content-max-width) flex-1 group\/turn-messages focus-visible:outline-hidden relative flex w-full min-w-0 flex-col agent-turn\" data-conversation-screenshot-content=\"\">\n<div class=\"flex max-w-full flex-col gap-4 grow\">\n<div class=\"min-h-8 text-message relative flex w-full flex-col items-end gap-2 text-start break-words whitespace-normal outline-none keyboard-focused:focus-ring [.text-message+&amp;]:mt-1\" dir=\"auto\" tabindex=\"0\" data-message-author-role=\"assistant\" data-message-id=\"5414b8db-6ce9-486d-9626-6a369a988454\" data-message-model-slug=\"gpt-5-6\" data-turn-start-message=\"true\">\n<div class=\"flex w-full flex-col gap-1 empty:hidden\">\n<div class=\"markdown prose dark:prose-invert wrap-break-word w-full light markdown-new-styling\">\n<p data-start=\"50\" data-end=\"275\">La <strong data-start=\"53\" data-end=\"69\">Veste Viper<\/strong> est une veste hybride chaude et polyvalente de la collection <strong data-start=\"125\" data-end=\"138\">Base Camp<\/strong>, con\u00e7ue pour offrir confort et protection lors des <strong data-start=\"192\" data-end=\"274\">journ\u00e9es froides, des activit\u00e9s outdoor \u00e0 faible intensit\u00e9 et d\u2019un usage quotidien<\/strong>.<\/p>\n<p data-start=\"277\" data-end=\"483\">La construction hybride associe des panneaux en <strong data-start=\"319\" data-end=\"337\">Pertex Quantum<\/strong> sur le torse et le dos, rembourr\u00e9s en <strong data-start=\"372\" data-end=\"400\">duvet avec un pouvoir gonflant de 750 cuin<\/strong>, pour garantir une isolation thermique \u00e9lev\u00e9e tout en maintenant un poids et un encombrement r\u00e9duits.<\/p>\n<p data-start=\"485\" data-end=\"828\">Le tissu <strong data-start=\"533\" data-end=\"567\">Toray One Layer d\u00e9perlant<\/strong> est utilis\u00e9 sur les \u00e9paules et les manches, associ\u00e9 \u00e0 l\u2019int\u00e9rieur au <strong data-start=\"594\" data-end=\"619\">Polartec Alpha Direct<\/strong>, un mat\u00e9riau hautement respirant qui contribue \u00e0 maintenir un confort agr\u00e9able durant l\u2019utilisation. Les inserts en <strong data-start=\"738\" data-end=\"751\">polaire HP<\/strong> sur les poignets et le bas ajoutent de l\u2019\u00e9lasticit\u00e9, de la douceur et une libert\u00e9 de mouvement. <\/p>\n<p data-start=\"830\" data-end=\"1093\">La <strong data-start=\"833\" data-end=\"880\">capuche ergonomique avec visi\u00e8re semi-rigide<\/strong>, les nombreuses poches zipp\u00e9es et les finitions \u00e9lastiqu\u00e9es augmentent la praticit\u00e9 et la protection. Le design color-block, associ\u00e9 au <strong data-start=\"1005\" data-end=\"1034\">matelassage thermosoud\u00e9<\/strong>, conf\u00e8re \u00e0 la veste un look technique, \u00e9pur\u00e9 et contemporain. <\/p>\n<h3 data-section-id=\"46wmdl\" data-start=\"1095\" data-end=\"1114\">Caract\u00e9ristiques<\/h3>\n<ul data-start=\"1116\" data-end=\"2019\" data-is-last-node=\"\" data-is-only-node=\"\">\n<li data-section-id=\"10w2hkg\" data-start=\"1116\" data-end=\"1143\"><strong data-start=\"1118\" data-end=\"1134\">Coupe :<\/strong> r\u00e9guli\u00e8re<\/li>\n<li data-section-id=\"p2t8ho\" data-start=\"1144\" data-end=\"1169\"><strong data-start=\"1146\" data-end=\"1162\">Construction :<\/strong> hybride<\/li>\n<li data-section-id=\"1qlnhwc\" data-start=\"1170\" data-end=\"1233\"><strong data-start=\"1172\" data-end=\"1193\">Torse et dos :<\/strong> Pertex Quantum avec rembourrage en duvet<\/li>\n<li data-section-id=\"1rkjdqv\" data-start=\"1234\" data-end=\"1276\"><strong data-start=\"1236\" data-end=\"1251\">Isolation :<\/strong> duvet avec pouvoir gonflant de 750 cuin<\/li>\n<li data-section-id=\"1yd8x63\" data-start=\"1277\" data-end=\"1331\"><strong data-start=\"1279\" data-end=\"1300\">\u00c9paules et manches :<\/strong> Toray One Layer d\u00e9perlant<\/li>\n<li data-section-id=\"13mffx9\" data-start=\"1332\" data-end=\"1380\"><strong data-start=\"1334\" data-end=\"1346\">Int\u00e9rieur :<\/strong> Polartec Alpha Direct respirant<\/li>\n<li data-section-id=\"8x09zt\" data-start=\"1381\" data-end=\"1424\"><strong data-start=\"1383\" data-end=\"1395\">Inserts :<\/strong> polaire HP sur les poignets et le bas<\/li>\n<li data-section-id=\"1rdpb4m\" data-start=\"1425\" data-end=\"1492\"><strong data-start=\"1427\" data-end=\"1441\">Capuche :<\/strong> ergonomique avec visi\u00e8re semi-rigide et bandeau interne<\/li>\n<li data-section-id=\"7jvm6n\" data-start=\"1493\" data-end=\"1526\"><strong data-start=\"1495\" data-end=\"1509\">Structure :<\/strong> panneaux soud\u00e9s<\/li>\n<li data-section-id=\"1r9c19h\" data-start=\"1527\" data-end=\"1585\"><strong data-start=\"1529\" data-end=\"1554\">R\u00e9sistance \u00e0 l\u2019eau :<\/strong> traitement d\u00e9perlant DWR<\/li>\n<li data-section-id=\"1r9ckco\" data-start=\"1586\" data-end=\"1642\"><strong data-start=\"1588\" data-end=\"1601\">Fermeture :<\/strong> zip frontal int\u00e9gral avec rabat int\u00e9rieur<\/li>\n<li data-section-id=\"1uv3gfw\" data-start=\"1643\" data-end=\"1703\"><strong data-start=\"1645\" data-end=\"1656\">Poches :<\/strong> poches lat\u00e9rales pour les mains avec zip invisible<\/li>\n<li data-section-id=\"1gert13\" data-start=\"1704\" data-end=\"1746\"><strong data-start=\"1706\" data-end=\"1727\">Poches de poitrine :<\/strong> deux poches zipp\u00e9es<\/li>\n<li data-section-id=\"aartjo\" data-start=\"1747\" data-end=\"1802\"><strong data-start=\"1749\" data-end=\"1762\">Finitions :<\/strong> ourlet, capuche et poignets \u00e9lastiqu\u00e9s<\/li>\n<li data-section-id=\"v38i73\" data-start=\"1803\" data-end=\"1847\"><strong data-start=\"1805\" data-end=\"1817\">Manches :<\/strong> bas avec passe-pouce<\/li>\n<li data-section-id=\"qalh6h\" data-start=\"1848\" data-end=\"1920\"><strong data-start=\"1850\" data-end=\"1861\">Design :<\/strong> logos r\u00e9fl\u00e9chissants et coutures plates contrast\u00e9es<\/li>\n<li data-section-id=\"8r89cm\" data-start=\"1921\" data-end=\"1953\"><strong data-start=\"1923\" data-end=\"1940\">Matelassage :<\/strong> thermosoud\u00e9<\/li>\n<li data-section-id=\"twon2x\" data-start=\"1954\" data-end=\"2019\" data-is-last-node=\"\"><strong data-start=\"1956\" data-end=\"1969\">Utilisation :<\/strong> loisirs, outdoor, montagne et journ\u00e9es froides<\/li>\n<\/ul>\n<\/div>\n<\/div>\n<\/div>\n<\/div>\n<\/div>\n<\/div>\n<\/section>\n<\/div>\n","protected":false},"excerpt":{"rendered":"<p>Veste Viper \u2013 Chaleur, confort et polyvalence La Veste Viper est une veste hybride chaude et polyvalente de la collection<\/p>\n","protected":false},"featured_media":898282,"template":"","meta":{"_seopress_robots_primary_cat":"","_seopress_titles_title":"","_seopress_titles_desc":"","_seopress_robots_index":""},"product_brand":[3616],"product_cat":[81,981,982],"product_tag":[],"class_list":{"0":"post-898548","1":"product","2":"type-product","3":"status-publish","4":"has-post-thumbnail","6":"product_brand-crazy-fr","7":"product_cat-vetements","8":"product_cat-vetements-de-loisirs","9":"product_cat-vetements-pour-hommes","10":"sws-gruppo-no-gruppo","11":"sws-conto-ricavi-merci-rivendita-abbigliamento","12":"sws-gruppo-iva-iva81","14":"first","15":"instock","16":"sale","17":"shipping-taxable","18":"purchasable","19":"product-type-variable","20":"has-default-attributes"},"_links":{"self":[{"href":"https:\/\/lucacastelli.com\/fr\/wp-json\/wp\/v2\/product\/898548","targetHints":{"allow":["GET"]}}],"collection":[{"href":"https:\/\/lucacastelli.com\/fr\/wp-json\/wp\/v2\/product"}],"about":[{"href":"https:\/\/lucacastelli.com\/fr\/wp-json\/wp\/v2\/types\/product"}],"wp:featuredmedia":[{"embeddable":true,"href":"https:\/\/lucacastelli.com\/fr\/wp-json\/wp\/v2\/media\/898282"}],"wp:attachment":[{"href":"https:\/\/lucacastelli.com\/fr\/wp-json\/wp\/v2\/media?parent=898548"}],"wp:term":[{"taxonomy":"product_brand","embeddable":true,"href":"https:\/\/lucacastelli.com\/fr\/wp-json\/wp\/v2\/product_brand?post=898548"},{"taxonomy":"product_cat","embeddable":true,"href":"https:\/\/lucacastelli.com\/fr\/wp-json\/wp\/v2\/product_cat?post=898548"},{"taxonomy":"product_tag","embeddable":true,"href":"https:\/\/lucacastelli.com\/fr\/wp-json\/wp\/v2\/product_tag?post=898548"}],"curies":[{"name":"wp","href":"https:\/\/api.w.org\/{rel}","templated":true}]}}