{"id":809520,"date":"2026-03-18T14:33:20","date_gmt":"2026-03-18T13:33:20","guid":{"rendered":"https:\/\/lucacastelli.com\/?post_type=product&#038;p=809520"},"modified":"2026-03-18T16:00:29","modified_gmt":"2026-03-18T15:00:29","slug":"crazy-short-alpinstar-copia-copia","status":"publish","type":"product","link":"https:\/\/lucacastelli.com\/fr\/produit\/crazy-short-alpinstar-copia-copia\/","title":{"rendered":"CRAZY SHORT EXIT"},"content":{"rendered":"<div class=\"flex flex-col text-sm pb-25\">\n<article class=\"text-token-text-primary w-full focus:outline-none [--shadow-height:45px] has-data-writing-block:pointer-events-none has-data-writing-block:-mt-(--shadow-height) has-data-writing-block:pt-(--shadow-height) [&amp;:has([data-writing-block])&gt;*]:pointer-events-auto scroll-mt-[calc(var(--header-height)+min(200px,max(70px,20svh)))]\" dir=\"auto\" tabindex=\"-1\" data-turn-id=\"request-WEB:dca93298-70f8-4659-a80a-ea8e5cc65860-17\" data-testid=\"conversation-turn-36\" data-scroll-anchor=\"true\" data-turn=\"assistant\">\n<div class=\"text-base my-auto mx-auto pb-10 [--thread-content-margin:var(--thread-content-margin-xs,calc(var(--spacing)*4))] @w-sm\/main:[--thread-content-margin:var(--thread-content-margin-sm,calc(var(--spacing)*6))] @w-lg\/main:[--thread-content-margin:var(--thread-content-margin-lg,calc(var(--spacing)*16))] px-(--thread-content-margin)\">\n<div class=\"[--thread-content-max-width:40rem] @w-lg\/main:[--thread-content-max-width:48rem] mx-auto max-w-(--thread-content-max-width) flex-1 group\/turn-messages focus-visible:outline-hidden relative flex w-full min-w-0 flex-col agent-turn\" tabindex=\"-1\">\n<div class=\"flex max-w-full flex-col gap-4 grow\">\n<div class=\"min-h-8 text-message relative flex w-full flex-col items-end gap-2 text-start break-words whitespace-normal [.text-message+&amp;]:mt-1\" dir=\"auto\" data-message-author-role=\"assistant\" data-message-id=\"ed0d4022-cf12-4c88-b976-f4d035ee0323\" data-message-model-slug=\"gpt-5-3\">\n<div class=\"flex w-full flex-col gap-1 empty:hidden\">\n<div class=\"markdown prose dark:prose-invert w-full wrap-break-word light markdown-new-styling\"><\/div>\n<\/div>\n<\/div>\n<\/div>\n<div class=\"mt-3 w-full empty:hidden\">\n<div class=\"text-center\">\n<div class=\"flex flex-col text-sm pb-25\">\n<article class=\"text-token-text-primary w-full focus:outline-none [--shadow-height:45px] has-data-writing-block:pointer-events-none has-data-writing-block:-mt-(--shadow-height) has-data-writing-block:pt-(--shadow-height) [&amp;:has([data-writing-block])&gt;*]:pointer-events-auto scroll-mt-[calc(var(--header-height)+min(200px,max(70px,20svh)))]\" dir=\"auto\" tabindex=\"-1\" data-turn-id=\"request-WEB:1bed4a84-83c6-41f3-9b56-1bead705c779-2\" data-testid=\"conversation-turn-6\" data-scroll-anchor=\"true\" data-turn=\"assistant\">\n<div class=\"text-base my-auto mx-auto pb-10 [--thread-content-margin:var(--thread-content-margin-xs,calc(var(--spacing)*4))] @w-sm\/main:[--thread-content-margin:var(--thread-content-margin-sm,calc(var(--spacing)*6))] @w-lg\/main:[--thread-content-margin:var(--thread-content-margin-lg,calc(var(--spacing)*16))] px-(--thread-content-margin)\">\n<div class=\"[--thread-content-max-width:40rem] @w-lg\/main:[--thread-content-max-width:48rem] mx-auto max-w-(--thread-content-max-width) flex-1 group\/turn-messages focus-visible:outline-hidden relative flex w-full min-w-0 flex-col agent-turn\" tabindex=\"-1\">\n<div class=\"mt-3 w-full empty:hidden\">\n<div class=\"text-center\">\n<p>Description du produit<\/p>\n<p>Le Short Crazy est lune des pi\u00e8ces les plus appr\u00e9ci\u00e9es de la collection, renouvel\u00e9 avec un design frais et moderne caract\u00e9ris\u00e9 par des lignes entrelac\u00e9es qui en exaltent le style sans renoncer \u00e0 la polyvalence.<\/p>\n<p>Parfait \u00e0 associer aux hauts de la collection, il se distingue par sa coupe impeccable, capable de valoriser la silhouette f\u00e9minine avec \u00e9l\u00e9gance.<\/p>\n<p>R\u00e9alis\u00e9 dans un tissu premium effet toile, frais et bi-\u00e9lastique, il garantit un confort maximal aussi bien lors des activit\u00e9s outdoor que pendant les loisirs. Le mat\u00e9riau, tout en conservant une agr\u00e9able souplesse, est trait\u00e9 pour r\u00e9sister \u00e0 leau et est hautement r\u00e9sistant aux d\u00e9chirures et abrasions, assurant performance et durabilit\u00e9 dans le temps. <\/p>\n<p>La ceinture \u00e9lastique offre un maintien optimal sans comprimer, garantissant un ajustement stable et confortable en toute situation.<\/p>\n<p>&nbsp;<\/p>\n<p>Caract\u00e9ristiques principales<\/p>\n<p>Tissu premium frais et bi-extensible<\/p>\n<p>Traitement d\u00e9perlant<\/p>\n<p>Haute r\u00e9sistance aux d\u00e9chirures et aux abrasions<\/p>\n<p>Ceinture \u00e9lastique pour un confort maximal<\/p>\n<p>Poches lat\u00e9rales pratiques et fonctionnelles<\/p>\n<p>Logos r\u00e9fl\u00e9chissants pour une meilleure visibilit\u00e9<\/p>\n<p>Coutures contrast\u00e9es au design moderne<\/p>\n<p>Ourlets coll\u00e9s pour plus de confort et r\u00e9duction des frottements<\/p>\n<\/div>\n<\/div>\n<\/div>\n<\/div>\n<\/article>\n<\/div>\n<div class=\"pointer-events-none h-px w-px absolute bottom-0\" aria-hidden=\"true\" data-edge=\"true\"><\/div>\n<\/div>\n<\/div>\n<\/div>\n<\/div>\n<\/article>\n<\/div>\n<div class=\"pointer-events-none h-px w-px absolute bottom-0\" aria-hidden=\"true\" data-edge=\"true\"><\/div>\n","protected":false},"excerpt":{"rendered":"<p>Description du produit Le Short Crazy est lune des pi\u00e8ces les plus appr\u00e9ci\u00e9es de la collection, renouvel\u00e9 avec un design<\/p>\n","protected":false},"featured_media":809551,"template":"","meta":{"_seopress_robots_primary_cat":"none","_seopress_titles_title":"","_seopress_titles_desc":"","_seopress_robots_index":""},"product_brand":[3616],"product_cat":[81,981,1387],"product_tag":[],"class_list":{"0":"post-809520","1":"product","2":"type-product","3":"status-publish","4":"has-post-thumbnail","6":"product_brand-crazy-fr","7":"product_cat-vetements","8":"product_cat-vetements-de-loisirs","9":"product_cat-vetements-pour-femmes","10":"sws-gruppo-abb-libero-fr","11":"sws-conto-ricavi-merci-rivendita-abbigliamento-fr","12":"sws-gruppo-iva-iva81-fr","14":"first","15":"instock","16":"sale","17":"shipping-taxable","18":"product-type-variable","19":"has-default-attributes"},"_links":{"self":[{"href":"https:\/\/lucacastelli.com\/fr\/wp-json\/wp\/v2\/product\/809520","targetHints":{"allow":["GET"]}}],"collection":[{"href":"https:\/\/lucacastelli.com\/fr\/wp-json\/wp\/v2\/product"}],"about":[{"href":"https:\/\/lucacastelli.com\/fr\/wp-json\/wp\/v2\/types\/product"}],"wp:featuredmedia":[{"embeddable":true,"href":"https:\/\/lucacastelli.com\/fr\/wp-json\/wp\/v2\/media\/809551"}],"wp:attachment":[{"href":"https:\/\/lucacastelli.com\/fr\/wp-json\/wp\/v2\/media?parent=809520"}],"wp:term":[{"taxonomy":"product_brand","embeddable":true,"href":"https:\/\/lucacastelli.com\/fr\/wp-json\/wp\/v2\/product_brand?post=809520"},{"taxonomy":"product_cat","embeddable":true,"href":"https:\/\/lucacastelli.com\/fr\/wp-json\/wp\/v2\/product_cat?post=809520"},{"taxonomy":"product_tag","embeddable":true,"href":"https:\/\/lucacastelli.com\/fr\/wp-json\/wp\/v2\/product_tag?post=809520"}],"curies":[{"name":"wp","href":"https:\/\/api.w.org\/{rel}","templated":true}]}}