{"id":804669,"date":"2026-03-16T10:27:59","date_gmt":"2026-03-16T09:27:59","guid":{"rendered":"https:\/\/lucacastelli.com\/prodotto\/crazy-jkt-fly-woman\/"},"modified":"2026-03-16T10:27:59","modified_gmt":"2026-03-16T09:27:59","slug":"crazy-jkt-fly-woman","status":"publish","type":"product","link":"https:\/\/lucacastelli.com\/fr\/produit\/crazy-jkt-fly-woman\/","title":{"rendered":"CRAZY JKT FLY WOMAN"},"content":{"rendered":"<div class=\"flex flex-col text-sm pb-25\">\n<article class=\"text-token-text-primary w-full focus:outline-none [--shadow-height:45px] has-data-writing-block:pointer-events-none has-data-writing-block:-mt-(--shadow-height) has-data-writing-block:pt-(--shadow-height) [&amp;:has([data-writing-block])&gt;*]:pointer-events-auto scroll-mt-[calc(var(--header-height)+min(200px,max(70px,20svh)))]\" dir=\"auto\" tabindex=\"-1\" data-turn-id=\"request-WEB:dca93298-70f8-4659-a80a-ea8e5cc65860-17\" data-testid=\"conversation-turn-36\" data-scroll-anchor=\"true\" data-turn=\"assistant\">\n<div class=\"text-base my-auto mx-auto pb-10 [--thread-content-margin:var(--thread-content-margin-xs,calc(var(--spacing)*4))] @w-sm\/main:[--thread-content-margin:var(--thread-content-margin-sm,calc(var(--spacing)*6))] @w-lg\/main:[--thread-content-margin:var(--thread-content-margin-lg,calc(var(--spacing)*16))] px-(--thread-content-margin)\">\n<div class=\"[--thread-content-max-width:40rem] @w-lg\/main:[--thread-content-max-width:48rem] mx-auto max-w-(--thread-content-max-width) flex-1 group\/turn-messages focus-visible:outline-hidden relative flex w-full min-w-0 flex-col agent-turn\" tabindex=\"-1\">\n<div class=\"flex max-w-full flex-col gap-4 grow\">\n<div class=\"min-h-8 text-message relative flex w-full flex-col items-end gap-2 text-start break-words whitespace-normal [.text-message+&amp;]:mt-1\" dir=\"auto\" data-message-author-role=\"assistant\" data-message-id=\"ed0d4022-cf12-4c88-b976-f4d035ee0323\" data-message-model-slug=\"gpt-5-3\">\n<div class=\"flex w-full flex-col gap-1 empty:hidden\">\n<div class=\"markdown prose dark:prose-invert w-full wrap-break-word light markdown-new-styling\">\n<p data-start=\"0\" data-end=\"19\"><strong data-start=\"0\" data-end=\"19\">Caract\u00e9ristiques<\/strong><\/p>\n<ul data-start=\"21\" data-end=\"375\">\n<li data-section-id=\"7yv74n\" data-start=\"21\" data-end=\"52\">\n<p data-start=\"23\" data-end=\"52\">Veste extr\u00eamement l\u00e9g\u00e8re<\/p>\n<\/li>\n<li data-section-id=\"1bhb7kd\" data-start=\"53\" data-end=\"120\">\n<p data-start=\"55\" data-end=\"120\">Rev\u00eatement interne am\u00e9liorant le confort au contact de la peau<\/p>\n<\/li>\n<li data-section-id=\"1kgk6tr\" data-start=\"121\" data-end=\"170\">\n<p data-start=\"123\" data-end=\"170\">Traitement externe <strong data-start=\"143\" data-end=\"168\">d\u00e9perlant (DWR)<\/strong><\/p>\n<\/li>\n<li data-section-id=\"1j87rnp\" data-start=\"171\" data-end=\"232\">\n<p data-start=\"173\" data-end=\"232\">Capuche avec petite poche int\u00e9gr\u00e9e pour compacter la veste<\/p>\n<\/li>\n<li data-section-id=\"icp5o7\" data-start=\"233\" data-end=\"282\">\n<p data-start=\"235\" data-end=\"282\">Coutures \u00e0 point ouvert de couleur contrast\u00e9e<\/p>\n<\/li>\n<li data-section-id=\"j0d6n0\" data-start=\"283\" data-end=\"304\">\n<p data-start=\"285\" data-end=\"304\">Logos r\u00e9fl\u00e9chissants<\/p>\n<\/li>\n<li data-section-id=\"10yifua\" data-start=\"305\" data-end=\"346\">\n<p data-start=\"307\" data-end=\"346\">Zip frontal enti\u00e8rement s\u00e9parable<\/p>\n<\/li>\n<li data-section-id=\"11wr0k8\" data-start=\"347\" data-end=\"375\">\n<p data-start=\"349\" data-end=\"375\">Bas avec bord \u00e9lastique<\/p>\n<\/li>\n<\/ul>\n<p data-start=\"377\" data-end=\"392\"><strong data-start=\"377\" data-end=\"392\">Description<\/strong><\/p>\n<p data-start=\"394\" data-end=\"545\">Cette veste coupe-vent est l\u2019une des <strong data-start=\"440\" data-end=\"479\">plus l\u00e9g\u00e8res du march\u00e9<\/strong>, \u00e9tablissant un v\u00e9ritable record de poids : <strong data-start=\"516\" data-end=\"544\">seulement 44 g en taille S<\/strong>.<\/p>\n<p data-start=\"547\" data-end=\"759\">Le r\u00e9sultat est possible gr\u00e2ce au tissu <strong data-start=\"595\" data-end=\"630\">Airstatic de 7 deniers (18 g\/m\u00b2)<\/strong>, extr\u00eamement l\u00e9ger mais aussi <strong data-start=\"674\" data-end=\"696\">extensible et ripstop<\/strong>, garantissant ainsi r\u00e9sistance et libert\u00e9 de mouvement.<\/p>\n<p data-start=\"761\" data-end=\"947\">Le poids r\u00e9duit est optimis\u00e9 par une <strong data-start=\"812\" data-end=\"839\">construction minimaliste<\/strong>, con\u00e7ue pour \u00e9liminer toute couture et mati\u00e8re superflue sans compromettre la fonctionnalit\u00e9 du v\u00eatement.<\/p>\n<p data-start=\"949\" data-end=\"1240\">Le tissu est dot\u00e9 d\u2019un <strong data-start=\"972\" data-end=\"1017\">traitement DWR (Durable Water Repellent)<\/strong> prot\u00e9geant de l\u2019humidit\u00e9 et de la pluie l\u00e9g\u00e8re. \u00c0 l\u2019int\u00e9rieur, un rev\u00eatement sp\u00e9cial r\u00e9duit la sensation d\u2019adh\u00e9rence du nylon, am\u00e9liorant le confort m\u00eame port\u00e9e \u00e0 m\u00eame la peau. <\/p>\n<p data-start=\"1242\" data-end=\"1446\" data-is-last-node=\"\" data-is-only-node=\"\">Pour plus de praticit\u00e9, la veste peut \u00eatre <strong data-start=\"1298\" data-end=\"1351\">pli\u00e9e et compact\u00e9e directement dans la capuche<\/strong>, facilitant son transport dans le sac \u00e0 dos lors de trekkings, randonn\u00e9es ou activit\u00e9s de plein air.<\/p>\n<\/div>\n<\/div>\n<\/div>\n<\/div>\n<div class=\"mt-3 w-full empty:hidden\">\n<div class=\"text-center\">\n<div class=\"flex flex-col text-sm pb-25\">\n<article class=\"text-token-text-primary w-full focus:outline-none [--shadow-height:45px] has-data-writing-block:pointer-events-none has-data-writing-block:-mt-(--shadow-height) has-data-writing-block:pt-(--shadow-height) [&amp;:has([data-writing-block])&gt;*]:pointer-events-auto scroll-mt-[calc(var(--header-height)+min(200px,max(70px,20svh)))]\" dir=\"auto\" tabindex=\"-1\" data-turn-id=\"request-WEB:1bed4a84-83c6-41f3-9b56-1bead705c779-2\" data-testid=\"conversation-turn-6\" data-scroll-anchor=\"true\" data-turn=\"assistant\">\n<div class=\"text-base my-auto mx-auto pb-10 [--thread-content-margin:var(--thread-content-margin-xs,calc(var(--spacing)*4))] @w-sm\/main:[--thread-content-margin:var(--thread-content-margin-sm,calc(var(--spacing)*6))] @w-lg\/main:[--thread-content-margin:var(--thread-content-margin-lg,calc(var(--spacing)*16))] px-(--thread-content-margin)\">\n<div class=\"[--thread-content-max-width:40rem] @w-lg\/main:[--thread-content-max-width:48rem] mx-auto max-w-(--thread-content-max-width) flex-1 group\/turn-messages focus-visible:outline-hidden relative flex w-full min-w-0 flex-col agent-turn\" tabindex=\"-1\">\n<div class=\"z-0 flex min-h-[46px] justify-start\"><\/div>\n<div class=\"mt-3 w-full empty:hidden\">\n<div class=\"text-center\"><\/div>\n<\/div>\n<\/div>\n<\/div>\n<\/article>\n<\/div>\n<div class=\"pointer-events-none h-px w-px absolute bottom-0\" aria-hidden=\"true\" data-edge=\"true\"><\/div>\n<\/div>\n<\/div>\n<\/div>\n<\/div>\n<\/article>\n<\/div>\n<div class=\"pointer-events-none h-px w-px absolute bottom-0\" aria-hidden=\"true\" data-edge=\"true\"><\/div>\n","protected":false},"excerpt":{"rendered":"<p>Caract\u00e9ristiques Veste extr\u00eamement l\u00e9g\u00e8re Rev\u00eatement interne am\u00e9liorant le confort au contact de la peau Traitement externe d\u00e9perlant (DWR) Capuche avec<\/p>\n","protected":false},"featured_media":804671,"template":"","meta":{"_seopress_robots_primary_cat":"none","_seopress_titles_title":"","_seopress_titles_desc":"","_seopress_robots_index":""},"product_brand":[3413],"product_cat":[21,189,200],"product_tag":[],"class_list":{"0":"post-804669","1":"product","2":"type-product","3":"status-publish","4":"has-post-thumbnail","6":"product_brand-crazy","7":"product_cat-abbigliamento","8":"product_cat-abbigliamento-per-il-tempo-libero","9":"product_cat-abbigliamento-da-donna","10":"sws-gruppo-abb-libero-fr","11":"sws-conto-ricavi-merci-rivendita-abbigliamento-fr","12":"sws-gruppo-iva-iva81-fr","14":"first","15":"instock","16":"sale","17":"shipping-taxable","18":"purchasable","19":"product-type-variable","20":"has-default-attributes"},"_links":{"self":[{"href":"https:\/\/lucacastelli.com\/fr\/wp-json\/wp\/v2\/product\/804669","targetHints":{"allow":["GET"]}}],"collection":[{"href":"https:\/\/lucacastelli.com\/fr\/wp-json\/wp\/v2\/product"}],"about":[{"href":"https:\/\/lucacastelli.com\/fr\/wp-json\/wp\/v2\/types\/product"}],"wp:featuredmedia":[{"embeddable":true,"href":"https:\/\/lucacastelli.com\/fr\/wp-json\/wp\/v2\/media\/804671"}],"wp:attachment":[{"href":"https:\/\/lucacastelli.com\/fr\/wp-json\/wp\/v2\/media?parent=804669"}],"wp:term":[{"taxonomy":"product_brand","embeddable":true,"href":"https:\/\/lucacastelli.com\/fr\/wp-json\/wp\/v2\/product_brand?post=804669"},{"taxonomy":"product_cat","embeddable":true,"href":"https:\/\/lucacastelli.com\/fr\/wp-json\/wp\/v2\/product_cat?post=804669"},{"taxonomy":"product_tag","embeddable":true,"href":"https:\/\/lucacastelli.com\/fr\/wp-json\/wp\/v2\/product_tag?post=804669"}],"curies":[{"name":"wp","href":"https:\/\/api.w.org\/{rel}","templated":true}]}}