{"id":801549,"date":"2026-03-15T14:47:40","date_gmt":"2026-03-15T13:47:40","guid":{"rendered":"https:\/\/lucacastelli.com\/prodotto\/crazy-short-aria-2\/"},"modified":"2026-03-15T14:47:40","modified_gmt":"2026-03-15T13:47:40","slug":"crazy-short-aria-2","status":"publish","type":"product","link":"https:\/\/lucacastelli.com\/fr\/produit\/crazy-short-aria-2\/","title":{"rendered":"CRAZY SHORT ARIA"},"content":{"rendered":"<p data-start=\"121\" data-end=\"308\"><strong data-start=\"121\" data-end=\"132\">CONCEPT<\/strong><br data-start=\"132\" data-end=\"135\">\u2022 Poches pour les mains<br data-start=\"155\" data-end=\"158\">\u2022 Poche arri\u00e8re<br data-start=\"176\" data-end=\"179\">\u2022 Ceinture \u00e9lastique c\u00f4tel\u00e9e \u00e0 la taille, r\u00e9glable avec <strong data-start=\"233\" data-end=\"253\">cordon \u00e9lastique<\/strong><br data-start=\"253\" data-end=\"256\">\u2022 Inserts de poches imprim\u00e9s<br data-start=\"287\" data-end=\"290\">\u2022 Logos brod\u00e9s<\/p>\n<p data-start=\"310\" data-end=\"574\"><strong data-start=\"310\" data-end=\"334\">DESCRIPTION DU PRODUIT<\/strong><br data-start=\"334\" data-end=\"337\">Un <strong data-start=\"341\" data-end=\"368\">short vif et color\u00e9<\/strong>, caract\u00e9ris\u00e9 par un design original qui allie style et fonctionnalit\u00e9. Parfait pour une <strong data-start=\"458\" data-end=\"484\">promenade relaxante<\/strong>, mais \u00e9galement adapt\u00e9 \u00e0 l\u2019<strong data-start=\"506\" data-end=\"521\">escalade<\/strong> gr\u00e2ce \u00e0 son \u00e9lasticit\u00e9 et sa libert\u00e9 de mouvement. <\/p>\n<p data-start=\"576\" data-end=\"761\">Comme tous les shorts de la ligne <strong data-start=\"610\" data-end=\"623\">lifestyle<\/strong>, il est r\u00e9alis\u00e9 en <strong data-start=\"641\" data-end=\"663\">Performance Cotton<\/strong>, un tissu frais, l\u00e9ger et <strong data-start=\"694\" data-end=\"709\">bi-\u00e9lastique<\/strong> qui garantit un confort tout au long de la journ\u00e9e.<\/p>\n<p data-start=\"763\" data-end=\"951\">La variante <strong data-start=\"775\" data-end=\"784\">jeans<\/strong> utilise quant \u00e0 elle un <strong data-start=\"804\" data-end=\"821\">denim technique<\/strong>, l\u00e9ger et confortable, con\u00e7u pour maintenir une grande libert\u00e9 de mouvement tout en conservant l\u2019aspect du denim classique.<\/p>\n<p data-start=\"953\" data-end=\"1090\" data-is-last-node=\"\" data-is-only-node=\"\">Un v\u00eatement polyvalent, id\u00e9al pour les <strong data-start=\"983\" data-end=\"1030\">loisirs, l\u2019outdoor et les activit\u00e9s quotidiennes<\/strong>, avec l\u2019\u00e9quilibre parfait entre confort, praticit\u00e9 et style.<\/p>\n","protected":false},"excerpt":{"rendered":"<p>CONCEPT\u2022 Poches pour les mains\u2022 Poche arri\u00e8re\u2022 Ceinture \u00e9lastique c\u00f4tel\u00e9e \u00e0 la taille, r\u00e9glable avec cordon \u00e9lastique\u2022 Inserts de poches<\/p>\n","protected":false},"featured_media":801550,"template":"","meta":{"_seopress_robots_primary_cat":"none","_seopress_titles_title":"","_seopress_titles_desc":"","_seopress_robots_index":""},"product_brand":[3616],"product_cat":[81,981,1387],"product_tag":[],"class_list":{"0":"post-801549","1":"product","2":"type-product","3":"status-publish","4":"has-post-thumbnail","6":"product_brand-crazy-fr","7":"product_cat-vetements","8":"product_cat-vetements-de-loisirs","9":"product_cat-vetements-pour-femmes","10":"sws-gruppo-abb-libero-fr","11":"sws-conto-ricavi-merci-rivendita-abbigliamento-fr","12":"sws-gruppo-iva-iva81-fr","14":"first","15":"instock","16":"sale","17":"shipping-taxable","18":"product-type-variable","19":"has-default-attributes"},"_links":{"self":[{"href":"https:\/\/lucacastelli.com\/fr\/wp-json\/wp\/v2\/product\/801549","targetHints":{"allow":["GET"]}}],"collection":[{"href":"https:\/\/lucacastelli.com\/fr\/wp-json\/wp\/v2\/product"}],"about":[{"href":"https:\/\/lucacastelli.com\/fr\/wp-json\/wp\/v2\/types\/product"}],"wp:featuredmedia":[{"embeddable":true,"href":"https:\/\/lucacastelli.com\/fr\/wp-json\/wp\/v2\/media\/801550"}],"wp:attachment":[{"href":"https:\/\/lucacastelli.com\/fr\/wp-json\/wp\/v2\/media?parent=801549"}],"wp:term":[{"taxonomy":"product_brand","embeddable":true,"href":"https:\/\/lucacastelli.com\/fr\/wp-json\/wp\/v2\/product_brand?post=801549"},{"taxonomy":"product_cat","embeddable":true,"href":"https:\/\/lucacastelli.com\/fr\/wp-json\/wp\/v2\/product_cat?post=801549"},{"taxonomy":"product_tag","embeddable":true,"href":"https:\/\/lucacastelli.com\/fr\/wp-json\/wp\/v2\/product_tag?post=801549"}],"curies":[{"name":"wp","href":"https:\/\/api.w.org\/{rel}","templated":true}]}}