{"id":799242,"date":"2026-03-14T20:45:47","date_gmt":"2026-03-14T19:45:47","guid":{"rendered":"https:\/\/lucacastelli.com\/?post_type=product&#038;p=799242"},"modified":"2026-03-14T21:26:54","modified_gmt":"2026-03-14T20:26:54","slug":"ortovox-150-cool-mtn-mission-ts-copia-copia-2","status":"publish","type":"product","link":"https:\/\/lucacastelli.com\/fr\/produit\/ortovox-150-cool-mtn-mission-ts-copia-copia-2\/","title":{"rendered":"ORTOVOX FLEECE LIGHT GRID JACKET"},"content":{"rendered":"<p>CHALEUR ET L\u00c9G\u00c8RET\u00c9<br \/>\nVeste polaire extr\u00eamement l\u00e9g\u00e8re en laine m\u00e9rinos pour randonn\u00e9es exigeantes en montagne<\/p>\n<p>Points forts<br \/>\nLaine m\u00e9rinos sur la peau<br \/>\nTr\u00e8s l\u00e9g\u00e8re avec un rapport poids\/isolation optimal<br \/>\nDimensions compactes<br \/>\nChaude mais l\u00e9g\u00e8re, la MERINO FLEECE LIGHT GRID JACKET offre une isolation thermique et une ventilation exceptionnelles, dans un v\u00eatement compact au poids r\u00e9duit. Parfaite \u00e0 emporter dans le sac \u00e0 dos quand chaque gramme compte. Gr\u00e2ce \u00e0 la structure gaufr\u00e9 \u00e0 l\u2019int\u00e9rieur, le mat\u00e9riau MERINO FLEECE LIGHT GRID est particuli\u00e8rement respirant, s\u00e8che rapidement et tient chaud lorsque les temp\u00e9ratures baissent. De plus, la laine m\u00e9rinos r\u00e9gule la temp\u00e9rature, bloque les odeurs et est tr\u00e8s douce sur la peau. Les deux poches avant offrent tout l\u2019espace n\u00e9cessaire pour les petits objets, tandis que le col haut prot\u00e8ge du vent et des intemp\u00e9ries.    <\/p>\n<p>Caract\u00e9ristiques<br \/>\nCol protecteur<br \/>\n2 poches avant<br \/>\nMade in Europe<\/p>\n<p>Mati\u00e8re<br \/>\nMATI\u00c8RE PRINCIPALE : 72 % polyester + 22 % laine (M\u00c9RINOS) + 6 % polyamide<br \/>\nMERINO FLEECE LIGHT GRID : Laine m\u00e9rinos sur la peau, structure gaufr\u00e9 \u00e0 l\u2019int\u00e9rieur (favorise la ventilation et pr\u00e9sente d\u2019excellentes propri\u00e9t\u00e9s isolantes), tr\u00e8s l\u00e9g\u00e8re, s\u00e8che rapidement, r\u00e9gule l\u2019humidit\u00e9<\/p>\n<p>&nbsp;<\/p>\n","protected":false},"excerpt":{"rendered":"<p>CHALEUR ET L\u00c9G\u00c8RET\u00c9 Veste polaire extr\u00eamement l\u00e9g\u00e8re en laine m\u00e9rinos pour randonn\u00e9es exigeantes en montagne Points forts Laine m\u00e9rinos sur<\/p>\n","protected":false},"featured_media":799274,"template":"","meta":{"_seopress_robots_primary_cat":"none","_seopress_titles_title":"","_seopress_titles_desc":"","_seopress_robots_index":""},"product_brand":[3280],"product_cat":[21,189,190],"product_tag":[],"class_list":{"0":"post-799242","1":"product","2":"type-product","3":"status-publish","4":"has-post-thumbnail","6":"product_brand-ortovox","7":"product_cat-abbigliamento","8":"product_cat-abbigliamento-per-il-tempo-libero","9":"product_cat-abbigliamento-da-uomo","10":"sws-gruppo-abb-libero-fr","11":"sws-conto-ricavi-merci-rivendita-abbigliamento-fr","12":"sws-gruppo-iva-iva81-fr","14":"first","15":"instock","16":"shipping-taxable","17":"purchasable","18":"product-type-variable","19":"has-default-attributes"},"_links":{"self":[{"href":"https:\/\/lucacastelli.com\/fr\/wp-json\/wp\/v2\/product\/799242","targetHints":{"allow":["GET"]}}],"collection":[{"href":"https:\/\/lucacastelli.com\/fr\/wp-json\/wp\/v2\/product"}],"about":[{"href":"https:\/\/lucacastelli.com\/fr\/wp-json\/wp\/v2\/types\/product"}],"wp:featuredmedia":[{"embeddable":true,"href":"https:\/\/lucacastelli.com\/fr\/wp-json\/wp\/v2\/media\/799274"}],"wp:attachment":[{"href":"https:\/\/lucacastelli.com\/fr\/wp-json\/wp\/v2\/media?parent=799242"}],"wp:term":[{"taxonomy":"product_brand","embeddable":true,"href":"https:\/\/lucacastelli.com\/fr\/wp-json\/wp\/v2\/product_brand?post=799242"},{"taxonomy":"product_cat","embeddable":true,"href":"https:\/\/lucacastelli.com\/fr\/wp-json\/wp\/v2\/product_cat?post=799242"},{"taxonomy":"product_tag","embeddable":true,"href":"https:\/\/lucacastelli.com\/fr\/wp-json\/wp\/v2\/product_tag?post=799242"}],"curies":[{"name":"wp","href":"https:\/\/api.w.org\/{rel}","templated":true}]}}