{"id":898128,"date":"2026-08-31T11:47:22","date_gmt":"2026-08-31T09:47:22","guid":{"rendered":"https:\/\/lucacastelli.com\/?post_type=product&#038;p=898128"},"modified":"2026-08-31T11:47:29","modified_gmt":"2026-08-31T09:47:29","slug":"crazy-pull-zenith-forest","status":"publish","type":"product","link":"https:\/\/lucacastelli.com\/en\/product\/crazy-pull-zenith-forest\/","title":{"rendered":"CRAZY PULL ZENITH FOREST"},"content":{"rendered":"<p class=\"PDq2pG_selectionAnchorContainer\" data-start=\"180\" data-end=\"348\">Il <strong data-start=\"183\" data-end=\"198\">Pull Zenith<\/strong> \u00e8 un midlayer caldo e versatile, progettato per offrire il massimo comfort nelle giornate pi\u00f9 fredde e durante le attivit\u00e0 outdoor a bassa intensit\u00e0.<\/p>\n<p data-start=\"350\" data-end=\"635\">Realizzato in <strong data-start=\"364\" data-end=\"398\">pile Fluffy Warm ultra-morbido<\/strong>, assicura una piacevole sensazione di calore e comfort. I pannelli in tessuto <strong data-start=\"477\" data-end=\"497\">High Performance<\/strong>, posizionati strategicamente sui fianchi e sulle maniche, favoriscono la traspirabilit\u00e0 e garantiscono una maggiore libert\u00e0 di movimento.<\/p>\n<p data-start=\"637\" data-end=\"806\">Leggero, funzionale e confortevole, il Pull Zenith \u00e8 ideale per il <strong data-start=\"704\" data-end=\"757\">trekking, le attivit\u00e0 all\u2019aperto, il tempo libero<\/strong> e come strato termico nelle giornate pi\u00f9 fredde.<\/p>\n<h3 data-section-id=\"46wmdl\" data-start=\"808\" data-end=\"827\">Caratteristiche<\/h3>\n<ul data-start=\"829\" data-end=\"1331\">\n<li data-section-id=\"10w2hkg\" data-start=\"829\" data-end=\"856\"><strong data-start=\"831\" data-end=\"847\">Vestibilit\u00e0:<\/strong> regolare<\/li>\n<li data-section-id=\"1d21ro5\" data-start=\"857\" data-end=\"884\"><strong data-start=\"859\" data-end=\"873\">Cappuccio:<\/strong> ergonomico<\/li>\n<li data-section-id=\"1r9ckco\" data-start=\"885\" data-end=\"941\"><strong data-start=\"887\" data-end=\"900\">Chiusura:<\/strong> zip frontale integrale con patta interna<\/li>\n<li data-section-id=\"6e8bbw\" data-start=\"942\" data-end=\"991\"><strong data-start=\"944\" data-end=\"955\">Tasche:<\/strong> tasche laterali per le mani con zip<\/li>\n<li data-section-id=\"1bhq5qr\" data-start=\"992\" data-end=\"1049\"><strong data-start=\"994\" data-end=\"1014\">Tasca sul petto:<\/strong> tagliata a laser con zip incollata<\/li>\n<li data-section-id=\"1qnt5g6\" data-start=\"1050\" data-end=\"1101\"><strong data-start=\"1052\" data-end=\"1064\">Maniche:<\/strong> fondo manica con foro per il pollice<\/li>\n<li data-section-id=\"1nvozbo\" data-start=\"1102\" data-end=\"1133\"><strong data-start=\"1104\" data-end=\"1115\">Design:<\/strong> loghi rifrangenti<\/li>\n<li data-section-id=\"1wrbh1b\" data-start=\"1134\" data-end=\"1181\"><strong data-start=\"1136\" data-end=\"1149\">Cuciture:<\/strong> piatte e in contrasto di colore<\/li>\n<li data-section-id=\"1addqrb\" data-start=\"1182\" data-end=\"1240\"><strong data-start=\"1184\" data-end=\"1209\">Materiale principale:<\/strong> pile Fluffy Warm ultra-morbido<\/li>\n<li data-section-id=\"70wmlz\" data-start=\"1241\" data-end=\"1331\"><strong data-start=\"1243\" data-end=\"1255\">Inserti:<\/strong> tessuto High Performance per maggiore traspirabilit\u00e0 e libert\u00e0 di movimento<\/li>\n<\/ul>\n","protected":false},"excerpt":{"rendered":"<p>Il Pull Zenith \u00e8 un midlayer caldo e versatile, progettato per offrire il massimo comfort nelle giornate pi\u00f9 fredde e<\/p>\n","protected":false},"featured_media":898136,"template":"","meta":{"_seopress_robots_primary_cat":"none","_seopress_titles_title":"","_seopress_titles_desc":"","_seopress_robots_index":""},"product_brand":[3413],"product_cat":[21,189,190],"product_tag":[],"class_list":{"0":"post-898128","1":"product","2":"type-product","3":"status-publish","4":"has-post-thumbnail","6":"product_brand-crazy","7":"product_cat-abbigliamento","8":"product_cat-abbigliamento-per-il-tempo-libero","9":"product_cat-abbigliamento-da-uomo","10":"sws-gruppo-no-gruppo","11":"sws-conto-ricavi-merci-rivendita-abbigliamento","12":"sws-gruppo-iva-iva81","14":"first","15":"instock","16":"sale","17":"shipping-taxable","18":"purchasable","19":"product-type-variable","20":"has-default-attributes"},"_links":{"self":[{"href":"https:\/\/lucacastelli.com\/en\/wp-json\/wp\/v2\/product\/898128","targetHints":{"allow":["GET"]}}],"collection":[{"href":"https:\/\/lucacastelli.com\/en\/wp-json\/wp\/v2\/product"}],"about":[{"href":"https:\/\/lucacastelli.com\/en\/wp-json\/wp\/v2\/types\/product"}],"wp:featuredmedia":[{"embeddable":true,"href":"https:\/\/lucacastelli.com\/en\/wp-json\/wp\/v2\/media\/898136"}],"wp:attachment":[{"href":"https:\/\/lucacastelli.com\/en\/wp-json\/wp\/v2\/media?parent=898128"}],"wp:term":[{"taxonomy":"product_brand","embeddable":true,"href":"https:\/\/lucacastelli.com\/en\/wp-json\/wp\/v2\/product_brand?post=898128"},{"taxonomy":"product_cat","embeddable":true,"href":"https:\/\/lucacastelli.com\/en\/wp-json\/wp\/v2\/product_cat?post=898128"},{"taxonomy":"product_tag","embeddable":true,"href":"https:\/\/lucacastelli.com\/en\/wp-json\/wp\/v2\/product_tag?post=898128"}],"curies":[{"name":"wp","href":"https:\/\/api.w.org\/{rel}","templated":true}]}}